{"id":16942,"date":"2024-11-14T13:14:48","date_gmt":"2024-11-14T13:14:48","guid":{"rendered":"https:\/\/fotobrok.nl\/?page_id=16942"},"modified":"2024-11-14T14:52:45","modified_gmt":"2024-11-14T14:52:45","slug":"de-voordracht","status":"publish","type":"page","link":"https:\/\/fotobrok.nl\/index.php\/inloggen\/familie\/brok-verhoeven\/waalwijk-jaren-90\/50-jarig-jubileum-1998\/de-voordracht\/","title":{"rendered":"De voordracht"},"content":{"rendered":"<style>.wp-block-kadence-advancedbtn.kb-btns16942_848dbe-c8{gap:var(--global-kb-gap-xs, 0.5rem );justify-content:flex-end;align-items:center;}.kt-btns16942_848dbe-c8 .kt-button{font-weight:normal;font-style:normal;}.kt-btns16942_848dbe-c8 .kt-btn-wrap-0{margin-right:5px;}.wp-block-kadence-advancedbtn.kt-btns16942_848dbe-c8 .kt-btn-wrap-0 .kt-button{color:#555555;border-color:#555555;}.wp-block-kadence-advancedbtn.kt-btns16942_848dbe-c8 .kt-btn-wrap-0 .kt-button:hover, .wp-block-kadence-advancedbtn.kt-btns16942_848dbe-c8 .kt-btn-wrap-0 .kt-button:focus{color:#ffffff;border-color:#444444;}.wp-block-kadence-advancedbtn.kt-btns16942_848dbe-c8 .kt-btn-wrap-0 .kt-button::before{display:none;}.wp-block-kadence-advancedbtn.kt-btns16942_848dbe-c8 .kt-btn-wrap-0 .kt-button:hover, .wp-block-kadence-advancedbtn.kt-btns16942_848dbe-c8 .kt-btn-wrap-0 .kt-button:focus{background:#444444;}<\/style>\n<div class=\"wp-block-kadence-advancedbtn kb-buttons-wrap kb-btns16942_848dbe-c8\"><style>.wp-block-kadence-advancedbtn .kb-btn16942_a3129e-dd.kb-button, ul.menu .wp-block-kadence-advancedbtn .kb-btn16942_a3129e-dd.kb-button{width:130px;}.wp-block-kadence-advancedbtn .kb-btn16942_a3129e-dd.kb-button{color:#646464;background:#b4b496;font-size:var(--global-kb-font-size-sm, 0.9rem);letter-spacing:1px;font-family:'ZCOOL KuaiLe';font-weight:400;border-top-left-radius:10px;border-top-right-radius:10px;border-bottom-right-radius:10px;border-bottom-left-radius:10px;border-top:2px solid #646464;border-right:2px solid #646464;border-bottom:2px solid #646464;border-left:2px solid #646464;}.kb-btn16942_a3129e-dd.kb-button .kb-svg-icon-wrap{color:#0a96fa;font-size:25px;--kb-button-icon-size:25px;}.kb-btn16942_a3129e-dd.kb-button:hover .kb-svg-icon-wrap, .kb-btn16942_a3129e-dd.kb-button:focus .kb-svg-icon-wrap{color:#d23232;}.wp-block-kadence-advancedbtn .kb-btn16942_a3129e-dd.kb-button:hover, .wp-block-kadence-advancedbtn .kb-btn16942_a3129e-dd.kb-button:focus{color:#646464;background:#b4b496;border-top-left-radius:15px;border-top-right-radius:10px;border-bottom-right-radius:10px;border-bottom-left-radius:15px;border-top:2px solid #646464;border-right:2px solid #646464;border-bottom:2px solid #646464;border-left:2px solid #646464;}@media all and (max-width: 1024px){.wp-block-kadence-advancedbtn .kb-btn16942_a3129e-dd.kb-button{border-top:2px solid #646464;border-right:2px solid #646464;border-bottom:2px solid #646464;border-left:2px solid #646464;}}@media all and (max-width: 1024px){.wp-block-kadence-advancedbtn .kb-btn16942_a3129e-dd.kb-button:hover, .wp-block-kadence-advancedbtn .kb-btn16942_a3129e-dd.kb-button:focus{border-top:2px solid #646464;border-right:2px solid #646464;border-bottom:2px solid #646464;border-left:2px solid #646464;}}@media all and (max-width: 767px){.wp-block-kadence-advancedbtn .kb-btn16942_a3129e-dd.kb-button{border-top:2px solid #646464;border-right:2px solid #646464;border-bottom:2px solid #646464;border-left:2px solid #646464;}.wp-block-kadence-advancedbtn .kb-btn16942_a3129e-dd.kb-button:hover, .wp-block-kadence-advancedbtn .kb-btn16942_a3129e-dd.kb-button:focus{border-top:2px solid #646464;border-right:2px solid #646464;border-bottom:2px solid #646464;border-left:2px solid #646464;}}<\/style><a class=\"kb-button kt-button button kb-btn16942_a3129e-dd kt-btn-size-small kt-btn-width-type-fixed kb-btn-global-inherit  kt-btn-has-text-true kt-btn-has-svg-true  wp-block-button__link wp-block-kadence-singlebtn\" href=\"https:\/\/fotobrok.nl\/index.php\/inloggen\/familie\/brok-verhoeven\/waalwijk-jaren-90\/50-jarig-jubileum-1998\/\" rel=\" nofollow\"><span class=\"kb-svg-icon-wrap kb-svg-icon-fe_cornerUpLeft kt-btn-icon-side-left\"><svg viewBox=\"0 0 24 24\"  fill=\"none\" stroke=\"currentColor\" stroke-width=\"2\" stroke-linecap=\"round\" stroke-linejoin=\"round\" xmlns=\"http:\/\/www.w3.org\/2000\/svg\"  aria-hidden=\"true\"><polyline points=\"9 14 4 9 9 4\"\/><path d=\"M20 20v-7a4 4 0 0 0-4-4H4\"\/><\/svg><\/span><span class=\"kt-btn-inner-text\">Terug<\/span><\/a><\/div>\n\n\n\n<p><\/p>\n\n\n\n<p class=\"has-text-align-center has-black-color has-text-color has-background has-link-color has-medium-font-size wp-elements-8b0225b1208b6761d41032209566ffb0\" style=\"background-color:#c8c864\">VOORDRACHT 50 JARIG JUBILEUM PA EN MA<br><br>INTRO<br><br>Cees Brok : Zoon van Joan Verschuren en Peer Brok<br>Jo Verhoeven : Dochter van Marie Peeters en Antoon Verhoeven<br><br>Opa Verhoeven heette &#8216;D&#8217;n appelkoek&#8217; en was boek\u00adhou\u00adder.<br>Zijn broer stond bekend als &#8216;Zwarte Gijs&#8217; <br>wegens zijn mooie zwarte krullen.<br>Opa Verhoeven is op de weg terug van de wielerronde van Dussen veronge\u00adlukt.<br><br>Oma Verhoeven heeft alleen de drie kinderen grootge\u00adbracht.<br>Ze verdien\u00adde de kost door kleding te naaien<br>voor de betere burgerij van Waalwijk.<br><br>Opa Brok heette, als tot boswachter gepromoveerde stroper,<br>&#8216;Peerke d&#8217;n Bul&#8217;.<br>Bij nacht en ontij zat hij in het veld of op de hei;<br>&#8216;lag&#8217; volgens opoe.<br>Het jagen en stropen is pa dus met de paplepel ingege\u00adven.<br>Nog heel lang een geweer onder bed gehad.<br>Nu bevinden zich daar een doos bonbons en een plat flesje.<br><br>Opoe Brok bestierde het huishouden en de boerderij.<br>De opvoeding van de kinderen was haar taak.<br>Voor de uitdrukking &#8220;Iets met de paple\u00adpel inge\u00adven&#8221; had zij<br>een zeer letterlijke interpretatie.<br>Opoe Brok was zeer (bij)gelovig.<br>Bij onweer werd het hele huis geweid met een palmtak\u00adje.<\/p>\n\n\n\n<p class=\"has-text-align-center has-black-color has-text-color has-background has-link-color has-medium-font-size wp-elements-e2f14be67d8feb8680a9ea864ad2526e\" style=\"background-color:#c8c864\">Oma verhoeven kwam geregeld bij de fam. vd Heuvel op het Laageinde in Baardwijk, samen met haar doch\u00adter; ons ma dus.<br>De heer vd Heuvel werkte bij de fa. v Schijndel en bracht soms een jongere collega mee; ons pa dus.<br>Tijdens een van die bezoeken moeten ze elkaar daar getroffen hebben.<\/p>\n\n\n\n<p class=\"has-text-align-center has-black-color has-text-color has-background has-link-color has-medium-font-size wp-elements-21a3c85a21e65a87171db072a2651ff4\" style=\"background-color:#c8c864\">Als grote looi en\/of lange kemel kreeg Cees al overal de schuld van.<br>Als oudste gaf hij leiding aan Noud en Jan bij de uitvoe\u00adring van baldadigheden en tot zijn verbazing kreeg hij dan de schuld.<br><br>Pa heeft altijd timmerman willen worden, vroeger al spijkerde hij de poppen van zijn zussen aan houten kruisen die hij vervolgens op de mestvaalt plaatste.<br>Maar hij werd schoenmaker, want hij was al verhuurd aan de broodheer van Peerke Brok: Petrus van Schijndel.<br>Daar werd Cees al spoedig ingezet om voor de Duitsers schoe\u00adnen te maken.<br>Pa ging met zijn boekentas achterop uit vrijen naar het Anto\u00adnius\u00adplein\u00adtje.<br>Zo heeft pa in de avonduren, op 24 jarige leeftijd, de MO-akte gehaald.<br>Oma was dol op het spek dat uit Drunen kwam.<\/p>\n\n\n\n<p class=\"has-text-align-center has-black-color has-text-color has-background has-link-color has-medium-font-size wp-elements-25307c5999555e9fd031b35a33e77946\" style=\"background-color:#c8c864\">Aan het eind van de oorlog hebben Cees en Noud de gewonde buurman Rinus v Rooy naar de Klinkaert gebracht.<br>De twee Brok\u00adken konden het toen niet laten<br>om direct door te lopen naar Waal\u00adwijk.<br>In Waalwijk hadden ze beide een vriendinnetje zitten; Jo en Mien.<br>In hun schuilkelderklof\u00adfie op klom\u00adpen hebben ze ook de familie in Waalwijk (ome Jos) op de hoogte gebracht van de situatie in Drunen. Toen ze later teruglie\u00adpen naar Drunen was een rood lint gespannen langs de route waar ze gelopen had\u00adden, want daar lagen geen mijnen!<\/p>\n\n\n\n<p class=\"has-text-align-center has-black-color has-text-color has-background has-link-color has-medium-font-size wp-elements-e92c115151b680ce392b5058ed77ebc8\" style=\"background-color:#c8c864\">Aanstelling van pa aan de Nijverheidsschool.<br><br>Ma had voor haar huwelijk reeds een duobaan.<br>Ze deed thuis het huishouden en hielp oma Verhoeven met het naaiwerk.<\/p>\n\n\n\n<p class=\"has-text-align-center has-black-color has-text-color has-background has-link-color has-medium-font-size wp-elements-e249ece95c3a11a76f0d4652ec7e3985\" style=\"background-color:#c8c864\">10 Augustus 1948<br>Op enkele steenworpen afstand van waar het allemaal is begonnen.<br><br>Verliefd, verloofd, getrouwd en via een huwelijksreis naar Kopenhagen hup in de luxe kamer bij Hotel &#8216;De Twee Kolom\u00admen&#8217; bekostigd met het maken van schoenen door pa en kleding door ma.<br><br>Het huwelijk betekende voor ma de overstap naar een triobaan<br>bij een nieuwe werkgever.<br>Door haar goed georganiseerde huishouden was pa in staat om carri\u00e8re te maken en na te denken.<\/p>\n\n\n\n<p class=\"has-text-align-center has-black-color has-text-color has-background has-link-color has-medium-font-size wp-elements-f8f4a68f16cdd7139b39dd355a83e345\" style=\"background-color:#c8c864\">Verhuisd naar het arbeidsbureau in de Grotestraat.<br>Buren fam. de Boer altijd goede contacten gehad.<br>Ze zijn later naar Amstelveen verhuisd,<br>waar wij nog vaak gelogeerd hebben.<\/p>\n\n\n\n<p class=\"has-text-align-center has-black-color has-text-color has-background has-link-color has-medium-font-size wp-elements-af0253711ab3fb4b9767ff882b182a80\" style=\"background-color:#c8c864\">November 1949 Sjan met de ogen ver open geboren.<br>M\u00e1, hij k\u00e8kt noar de kachelpijp, enz.<br>(Sjanneke tanneke toverheks !)<br><br>Februari 1951 Toon geboren.<br>Zo lelijk dat pa bezoek van een aap veronderstelde.<br>(Toontje m&#8217;n zoontje is altijd ziek !)<br><br>Verhuisd naar de Nieuwstraat.<br><br>Oktober 1952 Maria geboren<br>Langzaam maar zeker komt ze ergens.<br>Later echter was ze op de skelter de snelste.<br>(Miet en\/of Den Bolle)<br><br>In de voorkamer werd door pa op papier<br>&#8217;n nieuwe schoenmachine ontwikkeld.<br>Een goede vriend van hem uit Amerika, de heer Cambo\u00adriam,<br>heeft nog aangeboden om met het gezin naar Amerika te emigreren, maar dat werd door ma afgewe\u00adzen.<br><br>Februari 1954 Peter geboren.<br>Wegens plaatsgebrek opgeborgen in een margarine\u00addoos.<br>(Peter de meter)<br><br>Ma heeft altijd met veel plezier naai- en breiwerk ge\u00addaan.<br>Maar haar grote hobby was koken en eten.<br>De kaartavonden waren heilig temeer door de druk<br>vanuit Zr. Smeele, Dora (Door) en Oma.<br><br>Oktober 1956 Hannie geboren.<br>Zr. Smeele :&#8217;H\u00e9, d\u00e9ze heeft haar !&#8217;<br>Kijkt de kat uit de boom.<br>(Hannie die ka&#8217;nie)<\/p>\n\n\n\n<p class=\"has-text-align-center has-black-color has-text-color has-background has-link-color has-medium-font-size wp-elements-116dfda3571db4fd2dbf22df235c5888\" style=\"background-color:#c8c864\">De kinderen hebben het grootste deel van de kinderja\u00adren in de Nieuwstraat hebben doorge\u00admaakt.<br>Er was een tuin met een kippenhok achter het schuurtje en een plaatsje waar onder het raam de bank stond, model Nijver\u00adheidsschool.<br>We konden achterom langs Slaats naar de Grotestraat.<br><br>Bontjas van ma die aan de waslijn op het plaatsje hing is door de hond Max van de waslijn getrokken en aan stukken gereten.<br>Sjan gaf altijd op het plaatsje les aan kinderen uit de buurt.<br>Van wie zou ze het hebben?<br>Toon zat van &#8216;s-morgens tot &#8216;s-avonds als een Goeroe in de zandbak.<br>&#8216;Er is er maar \u00e9\u00e9n die alles weet, w\u00e0r Slots&#8217;.<br>Maria was altijd zeer stil en rustig, zodoende kon ze in een onbewaakt ogenblik een aantal knoop\u00adjes van de toog van de pastoor die op bezoek was onder tafel los\u00admaken.<br>Peter moest van pa &#8216;op de grond liggen en stampen&#8217; als hij iets wilde, maar de rollen werden omgedraaid.<\/p>\n\n\n\n<p class=\"has-text-align-center has-black-color has-text-color has-background has-link-color has-medium-font-size wp-elements-f6503b9e14acc4f8cac0aba9cf652e53\" style=\"background-color:#c8c864\">Eind jaren &#8217;50 begonnen met de bouw van een nieuw huis op de Klooster\u00adweg waarna we in 1960 zijn ver\u00adhuisd.<br>We pasten eigenlijk niet zo goed in de buurt van fabri\u00adkanten en dokto\u00adren.<br>Zo bevond zich bij ons op de schouw naast het kruis\u00adbeeld Het Gertje.<br>Bij gebrek aan effectiviteit van de diverse geraad\u00adpleeg\u00adde didacti\u00adsche modellen werd dit regelmatig van de schouw gerukt en gebruikt.<br>Wij hebben dit altijd als een sportieve uitdaging gezien.<\/p>\n\n\n\n<p class=\"has-text-align-center has-black-color has-text-color has-background has-link-color has-medium-font-size wp-elements-e90e77dfdc11a84b76828466e01b2aff\" style=\"background-color:#c8c864\">Vakantie in Den Haag in de Laan van Nieuw Oost Indi\u00eb.<br>Via leraren woningruil.<br>Er werd een Volkswagen Kever gehuurd bij &#8216;de Mossel&#8217;.<br>Met Peter in de kattebak en Hannie voorin<br>bij ma op schoot wegens wagenziek\u00adte.<br>Zodoende geschikt voor zeven personen.<br><br>We moesten een enorm eind naar het strand wandelen.<br>Op het strand allemaal hetzelfde pakkie aan, om niet kwijt te raken.<br>Peter toch een keer kwijtgeraakt.<br>Hij stond uiteindelijk in onderbroek achter op de politie\u00adjeep te brullen alsof er brand was.<br><br>Een bekend logeeradres voor ons was bij Toos Smits<br>op &#8216;De Achterste Hoe\u00adve&#8217; in het bos.<\/p>\n\n\n\n<p class=\"has-text-align-center has-black-color has-text-color has-background has-link-color has-medium-font-size wp-elements-927d03368c742c1a38c34e1cbe7958cf\" style=\"background-color:#c8c864\">September 1964 Yvonne geboren.<br>Naam door eenieder ingebracht.<br>Peter tegen Smeele : &#8216;Ik had liever een hond gehad&#8217;.<br>Deze ongewenst hoopvol verwachte komst was de aankon\u00addi\u00adging van een totaal nieuwe generatie.<\/p>\n\n\n\n<p class=\"has-text-align-center has-black-color has-text-color has-background has-link-color has-medium-font-size wp-elements-3521616dbdbea447d2194eaa22d52095\" style=\"background-color:#c8c864\">Onze tienerjaren hebben wij allemaal op de Kloosterweg doorgemaakt.<br>De Kastjes speelden daarbij een essenti\u00eble rol.<br><br>&#8216;<strong>t geel kastje<\/strong><br>model LTS ( = tegenwoordig groen\\grijs )<br>Speelgoed kinderkamer.<br>Verboden bij straf.<br><br><strong>&#8217;t boekenkastje<\/strong><br>( = nu een geel kastje geworden bij Hannie)<br>Erfenis van de Nieuwstraat<br>Opvoedkundige literatuur.<br>Bepaalde boekjes vonden we soms op onze ka\u00admers.<br>Maar wij hadden ze dan al eerder gelezen.<br><br><strong>de drankkast<\/strong><br>De sleutel paste ook op de overloopkast en andersom.<br><br><strong>de meterkast<\/strong><br>Pa draaide de zekeringen eruit als we lazen in bed.<br>Bij late feesten in de schuur werd dit met gejuich ont\u00adhaald.<br><br>de vele <strong>klerenkasten <\/strong>model LTS<br>Een diep formaat met een inhoud van 2 m<sup>3<\/sup><br><br><strong>&#8217;t zolderke<\/strong><br>Daar bevond zich de grote voedselvoorraad.<br>Wat nie\u00admand mocht weten en die iedereen wist.<\/p>\n\n\n\n<p class=\"has-text-align-center has-black-color has-text-color has-background has-link-color has-medium-font-size wp-elements-659af7a6a387a1a3866e224f82634e45\" style=\"background-color:#c8c864\">Eind jaren &#8217;60, begin &#8217;70 had Sjan haar Adamo periode<br>en moesten Yvon en Hannie gekleed en gekapt worden<br>gelijk de Ada\u00admo-zusjes.<br>De liedjes kennen we nog allemaal.<br><br>Ma had een gouden trommeltje met snoep.<br>Op woens\u00addag werd dat met korting op de markt ge\u00advuld.<br>Wij kochten daaruit op zondag snoep.<br>Wel van ons traktement en voor de volle prijs.<br><br>Yvonneke zorgde in deze periode altijd wel voor leven in de brouwerij.<br>Ze was van ons ma, maar werd voor een deel door de kinders opgevoed, met alle gevolgen van dien.<br>En pa ? : &#8216;ach man, woar bemoeide oe \u00e9ge mee ? &#8216;.<br>Tijdens een gesprek over bloemetjes en bijtjes merkte ze op :<br>&#8216;&#8230; en al die andere zaadjes zwemmen zeker in de Maas !&#8217;<br>Het geloof, iets wat bij de ouderen altijd wat vaag is gebleven,<br>had voor Yvonne\u00adke meer een praktische betekenis :<br>&#8216;Pa, ge hoeft nie te bidden want de soep is al koud&#8217;<\/p>\n\n\n\n<p class=\"has-text-align-center has-black-color has-text-color has-background has-link-color has-medium-font-size wp-elements-68be8a363adb8e68d18a8bff53f7021f\" style=\"background-color:#c8c864\">Pa stond er bekend om dat hij altijd te laat op school kwam.<br>Maar toch heeft hij er de 25 jaar rond gemaakt.<br>Zijn beruch\u00adte Castro-speech is eenieder bijgebleven<br>niet om w\u00e1t hij zei, maar hoev\u00e9\u00e9l.<br><br>In eigen beheer werd centrale verwarming aangelegd<br>van louter oude spullen.<br>Dit heeft vele jaren voor de nodige lekka\u00adges gezorgd.<br>Het is niet verwonderlijk dat ma, die de zwemkunst niet mees\u00adter was, toen direct op zwemles is gegaan.<br>Als actief lid van de zwemclub heeft ze het Hoefsven vele jaren onveilig ge\u00admaakt, geen badmeester was veilig.<br>Als in mei het zwem\u00adbad open ging moest er &#8216;s-morgens vroeg gezwommen worden ook al lag er nog ijs op het water.<br><br>Pa had weer andere zorgen, want de schoenmakerij liep op z&#8217;n einde.<br>Om ver\u00advroegd pensioen te voorkomen is hij een studie handvaardig\u00adheid gaan volgen en heeft daarmee nog een paar jaar les gegeven.<\/p>\n\n\n\n<p class=\"has-text-align-center has-black-color has-text-color has-background has-link-color has-medium-font-size wp-elements-99d9f27c643d9a842f50e202be61d32a\" style=\"background-color:#c8c864\">In de jaren &#8217;60 is het reizen begonnen.<br>Eerst zakenreizen met o.a. Vincent Hoffmans naar Frankrijk, Duitsland en Tsjecho-Slowakije. Gotwaldof (Bratislava).<br>Later bezoeken aan kuhrort, tandarts en Stefan in Piestani.<br>Contacten met de familie Mika in Praag duren tot op heden voort tussen de kinderen en kleinkinderen.<br><br>Ma ging met tante Bep naar Cura\u00e7ao.<br>Er is ontzettend veel gelachen o.a. omdat tante Truus de deur van de auto reed die ma open had laten staan.<br>Na een tweede graads verbranding moest ma belegd worden met komkom\u00admers.<br>Bij terugkomst rookte ze en had ze zich opgemaakt.<\/p>\n\n\n\n<p class=\"has-text-align-center has-black-color has-text-color has-background has-link-color has-medium-font-size wp-elements-f00b287e83aac4d4056aa47203b606ea\" style=\"background-color:#c8c864\">Als de resul\u00adtaten op school minder goed waren moest er ge\u00adleerd worden des\u00adnoods met hulp van de heer Grijsbach.<br>Slechte rapporten werden in de keuken opgehangen.<br>Als je kon en wilde studeren waren er vaak belangrij\u00adkere zaken zoals het huishouden of de tuin.<br>Of deze typische moraal voortkomt uit hun opvoeding of een verwor\u00advenheid is uit het overloopkastje was nooit duidelijk.<br><br>Er was een grote moes- en siertuin.<br>Daar kregen al de kinde\u00adren ook een deel van te onder\u00adhouden,<br>wat vaak veel stof deed opwaaien. Ook bij regenachtig weer!<br>Elk jaar de doperwtenoogst onder de bezielende leiding<br>van oma Verhoeven.<br>Op zaterdag, want dan kwam ze<br>de oude en de nieuwe week aan elkaar lijmen.<br><br>Een wekelijks terugkerend spektakel was het opruimen van allerhande afval middels een groot vuur.<br>Dat vuur was niet gauw te groot of de rook te zwart.<br>Dat de was van de buren een grauwsluier kreeg vonden wij elke keer weer erg verve\u00adlend.<\/p>\n\n\n\n<p class=\"has-text-align-center has-black-color has-text-color has-background has-link-color has-medium-font-size wp-elements-01e5ed933853b81aae1499182668e254\" style=\"background-color:#c8c864\">In de jaren zestig ging pa met de oudsten op pad,<br>terwijl ma met de jongsten thuis bleef.<br>Dan had iedereen een beetje vakantie.<br>Hannie hoorde aanvankelijk bij de thuisblijvers,<br>maar later mocht ze mee met de groten.<br><br>In Duitsland gingen we meestal naar de Moezel.<br>Valwig, Bruttig en Cochem.<br>Nog steeds contacten met fam. Pellio.<br>Weib(pa), Wein(allemaal) und gesang(Hannie).<br>Sjan horzelbeet, gebraden op luchtbed.<br>Rondjes rond tent om pannekoeken te verteren.<br>Pa kwam mee\u00ebten, vervolgens naar z&#8217;n hotelletje ge\u00adbracht waarna wij ons dan in de kermisavonturen in Bruttig stortten.<br>Deze reizen deden we met een bijna eigen auto.<br>De Simca 1000 samen met oom Piet gekocht,<br>die hem op jacht naar een schone schoenverkoopster total loss reed.<br><br>In Frankrijk werd via de leraren woningruil Madame Heimler bezocht .<br>Alfons en Re\u00admonde hebben we daar ook leren kennen.<\/p>\n\n\n\n<p class=\"has-text-align-center has-black-color has-text-color has-background has-link-color has-medium-font-size wp-elements-ac4f225a04766a4de1b548d91d46f59d\" style=\"background-color:#c8c864\">Fort Taunus 1200 was de eerste eigen auto.<br>Zelfde als wethouder\/leraar\/overbuur van Eijl.<br>Versleet drie motoren door in de vierde versnelling<br>de Kloos\u00adterweg uit te rijden.<br>Voorzien van dubbele bediening.<br>Ma en later de jon\u00adgens kregen daar les in.<br>Met ma is het nooit iets ge\u00adworden,<br>de grachten lagen te dicht langs de weg.<br>De Taunus vond zijn einde over een sloot in weiland.<br>Peter en Hannie kwamen van een examenfeest in Heus\u00adden.<br>Daarbij ontdekte Hannie met het hoofd de dubbele bedie\u00adning.<br><br>Opel Manta sport overgenomen van oom Jan.<br>Ingeruild tegen Opel Ascona stationwagen.<br>Na korte carri\u00e8re als kippenhok<br>weer jaren in gebruik geno\u00admen door Toon.<br><br>Altijd als er ergens een aanwinst voor het wagenpark in zicht kwam moest hij &#8216;Bij Koenders op de brug&#8217;,<br>alwaar het defini\u00adtieve oordeel werd geveld.<\/p>\n\n\n\n<p class=\"has-text-align-center has-black-color has-text-color has-background has-link-color has-medium-font-size wp-elements-fa21c8f66f42507113ded3dc04ff3eeb\" style=\"background-color:#c8c864\">Nu zijn de kinderen allemaal zo&#8217;n beetje de deur uit<br>en kun\u00adnen pa en ma de tijd weer helemaal aan elkaar<br>en hun hobbies besteden.<br>Dat is een hele drukte.<br><br>Ma heeft nog steeds haar grote huishoudhobby.<br>Koken en eten is erg belangrijk<br>en wat de dokter verbo\u00adden heeft het lekkerste.<br>Schoonmaken stelt niets meer voor<br>omdat er niemand meer is om iets vuil te maken.<br>Ook gaat ma ook graag een eindje fietsen.<br>Lange tijd met mevr. Gouda de omgeving verkend.<br>Als ze liever blijft zitten wordt er nog steeds gehand\u00adwerkt.<br>Tegenwoordig zijn kruis\u00adwoordraadsels en zweedse puz\u00adzels ook niet veilig meer voor haar.<br><br>Eind jaren &#8217;70 is het project Camper opgestart.<br>Een oude Hanomagbus bijgenaamd &#8216;Snukkie&#8217;<br>werd omge\u00adbouwd tot kampeerbus.<br>Geheel volgens diverse schoen\u00admaker\u00adsmetho\u00adden samenge\u00adsteld<br>(lijmen en spijkeren).<br>Ze hebben er vele jaren mee door Euro\u00adpa getoerd.<br>Deze is door pa zelf in de prak gereden.<br><br>Pa is na zijn pensionering achter in de schuur gewoon doorge\u00adgaan met z&#8217;n schoenmachines en noemt het nu zijn hobby.<br>Het is naar zijn eigen zeggen ook de manier<br>om nu brood op de plank te krijgen.<br>De tegenwoordige hobby&#8217;s zijn : biljarten in de bejaardensoos,<br>fietsen, woensdag naar v. Bekhoven, TV kijken (zappen)<br>en de buurman Stassar politiek\/financieel bijscholen.<br><br>Geestverruimende middelen worden door beide niet versmaad.<br>Alcohol, in elke mogelijke verdunning, is favoriet.<br>Zo zeer, dat onverwacht bezoek het kan treffen,<br>na een aange\u00adboden borrel,<br>de ene lege jenever\u00adfles na de andere uit de drankkast te zien komen onder het slaken van evenzovele verbaasde uitroe\u00adpen van pa en ma.<\/p>\n\n\n\n<p class=\"has-text-align-center has-black-color has-text-color has-background has-link-color has-medium-font-size wp-elements-05c28621a736a07c224a35541cde5236\" style=\"background-color:#c8c864\">Van de reizen zijn de laatste 25 jaar veel dia&#8217;s gemaakt.<br>Het bekijken van willekeurig welke vakantiese\u00adrie levert altijd zeer bijzondere impres\u00adsies op zoals een zonnig strand in Praag.<br>Je krijgt een ruim overzicht van het\u00adgeen je zou ver\u00adwachten.<br>Er is nog nooit iemand geweest die na een avond dia&#8217;s kijken<br>kon zeggen dat hij iets gemist had.<br><br>Begin jaren &#8217;80 gaan pa en ma geregeld naar het zui\u00adden.<br>Eerst met de Hanomag.<br>Later met de Renault die op huisbrand diesel liep.<br>Ook hier heeft zuinig onderhoud<br>een tweede motor noodzake\u00adlijk gemaakt.<br>De wintertrek naar het zuiden word begin jaren &#8217;90<br>met de bus of het vliegtuig gedaan.<br><br>Dan wordt de scheiding al duidelijk.<br>Ma heeft de zon en het strand ontdekt.<br>Pa vindt dat te warm.<br>Ma is niet zo&#8217;n talenwonder als pa,<br>daarom wil ze ook in het buitenland gewoon &#8216;Wolluks&#8217; kunnen praten.<br><br>Het resultaat :<br>Pa ligt in de slowaakse modder.<br>Ma zwemt in de spaanse zon.<br><br>Om een definitieve scheiding te voorkomen<br>denken we dat het goed is om ze samen<br>naar een zonnig modderbad te sturen.<\/p>\n\n\n<style>.wp-block-kadence-advancedbtn.kb-btns16942_2a3702-bd{gap:var(--global-kb-gap-xs, 0.5rem );justify-content:flex-end;align-items:center;}.kt-btns16942_2a3702-bd .kt-button{font-weight:normal;font-style:normal;}.kt-btns16942_2a3702-bd .kt-btn-wrap-0{margin-right:5px;}.wp-block-kadence-advancedbtn.kt-btns16942_2a3702-bd .kt-btn-wrap-0 .kt-button{color:#555555;border-color:#555555;}.wp-block-kadence-advancedbtn.kt-btns16942_2a3702-bd .kt-btn-wrap-0 .kt-button:hover, .wp-block-kadence-advancedbtn.kt-btns16942_2a3702-bd .kt-btn-wrap-0 .kt-button:focus{color:#ffffff;border-color:#444444;}.wp-block-kadence-advancedbtn.kt-btns16942_2a3702-bd .kt-btn-wrap-0 .kt-button::before{display:none;}.wp-block-kadence-advancedbtn.kt-btns16942_2a3702-bd .kt-btn-wrap-0 .kt-button:hover, .wp-block-kadence-advancedbtn.kt-btns16942_2a3702-bd .kt-btn-wrap-0 .kt-button:focus{background:#444444;}<\/style>\n<div class=\"wp-block-kadence-advancedbtn kb-buttons-wrap kb-btns16942_2a3702-bd\"><style>.wp-block-kadence-advancedbtn .kb-btn16942_88cc97-f0.kb-button, ul.menu .wp-block-kadence-advancedbtn .kb-btn16942_88cc97-f0.kb-button{width:130px;}.wp-block-kadence-advancedbtn .kb-btn16942_88cc97-f0.kb-button{color:#646464;background:#b4b496;font-size:var(--global-kb-font-size-sm, 0.9rem);letter-spacing:1px;font-family:'ZCOOL KuaiLe';font-weight:400;border-top-left-radius:10px;border-top-right-radius:10px;border-bottom-right-radius:10px;border-bottom-left-radius:10px;border-top:2px solid #646464;border-right:2px solid #646464;border-bottom:2px solid #646464;border-left:2px solid #646464;}.kb-btn16942_88cc97-f0.kb-button .kb-svg-icon-wrap{color:#0a96fa;font-size:25px;--kb-button-icon-size:25px;}.kb-btn16942_88cc97-f0.kb-button:hover .kb-svg-icon-wrap, .kb-btn16942_88cc97-f0.kb-button:focus .kb-svg-icon-wrap{color:#d23232;}.wp-block-kadence-advancedbtn .kb-btn16942_88cc97-f0.kb-button:hover, .wp-block-kadence-advancedbtn .kb-btn16942_88cc97-f0.kb-button:focus{color:#646464;background:#b4b496;border-top-left-radius:15px;border-top-right-radius:10px;border-bottom-right-radius:10px;border-bottom-left-radius:15px;border-top:2px solid #646464;border-right:2px solid #646464;border-bottom:2px solid #646464;border-left:2px solid #646464;}@media all and (max-width: 1024px){.wp-block-kadence-advancedbtn .kb-btn16942_88cc97-f0.kb-button{border-top:2px solid #646464;border-right:2px solid #646464;border-bottom:2px solid #646464;border-left:2px solid #646464;}}@media all and (max-width: 1024px){.wp-block-kadence-advancedbtn .kb-btn16942_88cc97-f0.kb-button:hover, .wp-block-kadence-advancedbtn .kb-btn16942_88cc97-f0.kb-button:focus{border-top:2px solid #646464;border-right:2px solid #646464;border-bottom:2px solid #646464;border-left:2px solid #646464;}}@media all and (max-width: 767px){.wp-block-kadence-advancedbtn .kb-btn16942_88cc97-f0.kb-button{border-top:2px solid #646464;border-right:2px solid #646464;border-bottom:2px solid #646464;border-left:2px solid #646464;}.wp-block-kadence-advancedbtn .kb-btn16942_88cc97-f0.kb-button:hover, .wp-block-kadence-advancedbtn .kb-btn16942_88cc97-f0.kb-button:focus{border-top:2px solid #646464;border-right:2px solid #646464;border-bottom:2px solid #646464;border-left:2px solid #646464;}}<\/style><a class=\"kb-button kt-button button kb-btn16942_88cc97-f0 kt-btn-size-small kt-btn-width-type-fixed kb-btn-global-inherit  kt-btn-has-text-true kt-btn-has-svg-true  wp-block-button__link wp-block-kadence-singlebtn\" href=\"https:\/\/fotobrok.nl\/index.php\/inloggen\/familie\/brok-verhoeven\/waalwijk-jaren-90\/50-jarig-jubileum-1998\/\" rel=\" nofollow\"><span class=\"kb-svg-icon-wrap kb-svg-icon-fe_cornerUpLeft kt-btn-icon-side-left\"><svg viewBox=\"0 0 24 24\"  fill=\"none\" stroke=\"currentColor\" stroke-width=\"2\" stroke-linecap=\"round\" stroke-linejoin=\"round\" xmlns=\"http:\/\/www.w3.org\/2000\/svg\"  aria-hidden=\"true\"><polyline points=\"9 14 4 9 9 4\"\/><path d=\"M20 20v-7a4 4 0 0 0-4-4H4\"\/><\/svg><\/span><span class=\"kt-btn-inner-text\">Terug<\/span><\/a><\/div>\n\n\n\n<p><\/p>\n","protected":false},"excerpt":{"rendered":"<p>VOORDRACHT 50 JARIG JUBILEUM PA EN MA INTRO Cees Brok : Zoon van Joan Verschuren en Peer BrokJo Verhoeven : Dochter van Marie Peeters en Antoon Verhoeven Opa Verhoeven heette &#8216;D&#8217;n appelkoek&#8217; en was boek\u00adhou\u00adder.Zijn broer stond bekend als &#8216;Zwarte Gijs&#8217; wegens zijn mooie zwarte krullen.Opa Verhoeven is op de weg terug van de wielerronde &hellip; <\/p>\n<p class=\"link-more\"><a href=\"https:\/\/fotobrok.nl\/index.php\/inloggen\/familie\/brok-verhoeven\/waalwijk-jaren-90\/50-jarig-jubileum-1998\/de-voordracht\/\" class=\"more-link\">Lees verder <span class=\"screen-reader-text\">&#8220;De voordracht&#8221;<\/span><\/a><\/p>\n","protected":false},"author":1,"featured_media":0,"parent":10877,"menu_order":2,"comment_status":"closed","ping_status":"closed","template":"","meta":{"footnotes":""},"class_list":["post-16942","page","type-page","status-publish","hentry"],"_links":{"self":[{"href":"https:\/\/fotobrok.nl\/index.php\/wp-json\/wp\/v2\/pages\/16942","targetHints":{"allow":["GET"]}}],"collection":[{"href":"https:\/\/fotobrok.nl\/index.php\/wp-json\/wp\/v2\/pages"}],"about":[{"href":"https:\/\/fotobrok.nl\/index.php\/wp-json\/wp\/v2\/types\/page"}],"author":[{"embeddable":true,"href":"https:\/\/fotobrok.nl\/index.php\/wp-json\/wp\/v2\/users\/1"}],"replies":[{"embeddable":true,"href":"https:\/\/fotobrok.nl\/index.php\/wp-json\/wp\/v2\/comments?post=16942"}],"version-history":[{"count":3,"href":"https:\/\/fotobrok.nl\/index.php\/wp-json\/wp\/v2\/pages\/16942\/revisions"}],"predecessor-version":[{"id":16945,"href":"https:\/\/fotobrok.nl\/index.php\/wp-json\/wp\/v2\/pages\/16942\/revisions\/16945"}],"up":[{"embeddable":true,"href":"https:\/\/fotobrok.nl\/index.php\/wp-json\/wp\/v2\/pages\/10877"}],"wp:attachment":[{"href":"https:\/\/fotobrok.nl\/index.php\/wp-json\/wp\/v2\/media?parent=16942"}],"curies":[{"name":"wp","href":"https:\/\/api.w.org\/{rel}","templated":true}]}}